{"id":130,"date":"2025-10-04T22:45:37","date_gmt":"2025-10-04T20:45:37","guid":{"rendered":"https:\/\/grigou.net\/cfv3v\/?post_type=collections&#038;p=130"},"modified":"2026-04-19T14:35:29","modified_gmt":"2026-04-19T12:35:29","slug":"4407","status":"publish","type":"collections","link":"https:\/\/cfv3v.eu\/nl\/collections\/4407\/","title":{"rendered":"4407 (604.07)"},"content":{"rendered":"\n<blockquote class=\"wp-block-quote is-layout-flow wp-block-quote-is-layout-flow\">\n<p>Derni\u00e8re mise \u00e0 jour : 04\/10\/2025<\/p>\n\n\n\n<p>Actuellement en atelier<\/p>\n<\/blockquote>\n\n\n\n<p>Cet autorail fait partie d\u2019une s\u00e9rie de 10 machines construites en 1954.<\/p>\n\n\n\n<p>Ces autorails constituaient la s\u00e9rie 604 et ils assuraient pour l\u2019essentiel, avec les autorails de la s\u00e9rie 45 la desserte entre Dinant et Virton via Libramont. Cette s\u00e9rie a \u00e9t\u00e9 retir\u00e9e du service en 2002, le 4407 le 15 juin pr\u00e9cis\u00e9ment.<\/p>\n\n\n\n<p>Cet autorail a \u00e9t\u00e9 successivement affect\u00e9 aux d\u00e9p\u00f4ts de :<br>Landen (17\/12\/54),<br>Merelbeke (29\/05\/62),<br>Latour (06\/01\/86) et<br>Stockem (01\/10\/92).<\/p>\n\n\n\n<p>Un wagon de maximum 20 t peut \u00eatre attel\u00e9.<\/p>\n\n\n\n<p>L\u2019autorail 4407 est propri\u00e9t\u00e9 du CFV3V et est en ordre de marche.<\/p>\n\n\n\n<p>Arriv\u00e9 au CFV3V le 26-09-2003<\/p>\n\n\n\n<h2 class=\"wp-block-heading\">Informations techniques<\/h2>\n\n\n\n<figure class=\"wp-block-table\"><table class=\"has-fixed-layout\"><tbody><tr><td>Constructeur :\n<\/td><td>Ateliers Germain &#8211; Monceau sur Sambre\n<\/td><\/tr><tr><td>Ann\u00e9e de construction :\n<\/td><td>1954\n<\/td><\/tr><tr><td>Immatriculation :\n<\/td><td>4407 (ant\u00e9rieurement 604.07)\n<\/td><\/tr><tr><td>Poids :\n<\/td><td>44 tonnes\n<\/td><\/tr><tr><td>Poids en ordre de marche :\n<\/td><td>53 tonnes\n<\/td><\/tr><tr><td>Frein :\n<\/td><td>Oerlikon (r\u00e9gime P) avec un distributeur sur chaque bogie\n<\/td><\/tr><tr><td>Vitesse maxi :\n<\/td><td>100 km\/h &#8211; \u00e9quip\u00e9 par CFV3V d&#8217;un limiteur de vitesse\n<\/td><\/tr><tr><td>Puissance maximale :\n<\/td><td>356 CV o\u00f9 270 kW.\n<\/td><\/tr><tr><td>Longueur hors tout :\n<\/td><td>23,800 m\u00e8tres\n<\/td><\/tr><tr><td>Empattement :\n<\/td><td>15,500 m\u00e8tres\n<\/td><\/tr><tr><td>Batterie :\n<\/td><td>24 volts (motorisation) + 72 volts (\u00e9clairage)\n<\/td><\/tr><tr><td>Moteur :\n<\/td><td>2 moteurs diesel (deux temps) 6 cylindres en ligne\n<\/td><\/tr><tr><td>Transmission :\n<\/td><td>Hydrom\u00e9canique Twin disc\n<\/td><\/tr><tr><td>R\u00e9servoir gasoil :\n<\/td><td>600 litres\n<\/td><\/tr><tr><td>Bogies :\n<\/td><td>Un bogie porteur et un bogie moteur\n<\/td><\/tr><tr><td>Toilettes :\n<\/td><td>1 compartiment WC, acc\u00e8s via une plate-forme\n<\/td><\/tr><tr><td>R\u00e9seau d&#8217;origine :\n<\/td><td>SNCB\n<\/td><\/tr><tr><td>Frein \u00e0 vis :\n<\/td><td>Volant dans chaque poste de conduite\n<\/td><\/tr><tr><td>Places assises:\n<\/td><td>99\n<\/td><\/tr><\/tbody><\/table><\/figure>\n","protected":false},"excerpt":{"rendered":"<p>Derni\u00e8re mise \u00e0 jour : 04\/10\/2025 Actuellement en atelier Cet autorail fait partie d\u2019une s\u00e9rie de 10 machines construites en 1954. Ces autorails constituaient la s\u00e9rie 604 et ils assuraient pour l\u2019essentiel, avec les autorails de la s\u00e9rie 45 la desserte entre Dinant et Virton via Libramont. Cette s\u00e9rie a \u00e9t\u00e9 retir\u00e9e du service en &hellip;<\/p>\n","protected":false},"author":4,"featured_media":131,"comment_status":"open","ping_status":"closed","template":"","meta":{"_acf_changed":false,"footnotes":""},"categories":[18],"class_list":["post-130","collections","type-collections","status-publish","has-post-thumbnail","hentry","category-autorails"],"acf":[],"yoast_head":"<!-- This site is optimized with the Yoast SEO plugin v26.0 - https:\/\/yoast.com\/wordpress\/plugins\/seo\/ -->\n<title>4407 (604.07) - Chemin de Fer \u00e0 Vapeur des 3 Vall\u00e9es<\/title>\n<meta name=\"robots\" content=\"index, follow, max-snippet:-1, max-image-preview:large, max-video-preview:-1\" \/>\n<link rel=\"canonical\" href=\"https:\/\/cfv3v.eu\/collections\/4407\/\" \/>\n<meta property=\"og:locale\" content=\"nl_NL\" \/>\n<meta property=\"og:type\" content=\"article\" \/>\n<meta property=\"og:title\" content=\"4407 (604.07) - Chemin de Fer \u00e0 Vapeur des 3 Vall\u00e9es\" \/>\n<meta property=\"og:description\" content=\"Derni\u00e8re mise \u00e0 jour : 04\/10\/2025 Actuellement en atelier Cet autorail fait partie d\u2019une s\u00e9rie de 10 machines construites en 1954. Ces autorails constituaient la s\u00e9rie 604 et ils assuraient pour l\u2019essentiel, avec les autorails de la s\u00e9rie 45 la desserte entre Dinant et Virton via Libramont. Cette s\u00e9rie a \u00e9t\u00e9 retir\u00e9e du service en &hellip;\" \/>\n<meta property=\"og:url\" content=\"https:\/\/cfv3v.eu\/collections\/4407\/\" \/>\n<meta property=\"og:site_name\" content=\"Chemin de Fer \u00e0 Vapeur des 3 Vall\u00e9es\" \/>\n<meta property=\"article:modified_time\" content=\"2026-04-19T12:35:29+00:00\" \/>\n<meta property=\"og:image\" content=\"https:\/\/cfv3v.eu\/wp-content\/uploads\/2022\/02\/Autorail-4407-Mariembourg-01-05-2005.jpg\" \/>\n\t<meta property=\"og:image:width\" content=\"800\" \/>\n\t<meta property=\"og:image:height\" content=\"599\" \/>\n\t<meta property=\"og:image:type\" content=\"image\/jpeg\" \/>\n<meta name=\"twitter:card\" content=\"summary_large_image\" \/>\n<meta name=\"twitter:label1\" content=\"Geschatte leestijd\" \/>\n\t<meta name=\"twitter:data1\" content=\"2 minuten\" \/>\n<script type=\"application\/ld+json\" class=\"yoast-schema-graph\">{\"@context\":\"https:\/\/schema.org\",\"@graph\":[{\"@type\":\"WebPage\",\"@id\":\"https:\/\/cfv3v.eu\/collections\/4407\/\",\"url\":\"https:\/\/cfv3v.eu\/collections\/4407\/\",\"name\":\"4407 (604.07) - Chemin de Fer \u00e0 Vapeur des 3 Vall\u00e9es\",\"isPartOf\":{\"@id\":\"https:\/\/cfv3v.eu\/#website\"},\"primaryImageOfPage\":{\"@id\":\"https:\/\/cfv3v.eu\/collections\/4407\/#primaryimage\"},\"image\":{\"@id\":\"https:\/\/cfv3v.eu\/collections\/4407\/#primaryimage\"},\"thumbnailUrl\":\"https:\/\/cfv3v.eu\/wp-content\/uploads\/2022\/02\/Autorail-4407-Mariembourg-01-05-2005.jpg\",\"datePublished\":\"2025-10-04T20:45:37+00:00\",\"dateModified\":\"2026-04-19T12:35:29+00:00\",\"breadcrumb\":{\"@id\":\"https:\/\/cfv3v.eu\/collections\/4407\/#breadcrumb\"},\"inLanguage\":\"nl-NL\",\"potentialAction\":[{\"@type\":\"ReadAction\",\"target\":[\"https:\/\/cfv3v.eu\/collections\/4407\/\"]}]},{\"@type\":\"ImageObject\",\"inLanguage\":\"nl-NL\",\"@id\":\"https:\/\/cfv3v.eu\/collections\/4407\/#primaryimage\",\"url\":\"https:\/\/cfv3v.eu\/wp-content\/uploads\/2022\/02\/Autorail-4407-Mariembourg-01-05-2005.jpg\",\"contentUrl\":\"https:\/\/cfv3v.eu\/wp-content\/uploads\/2022\/02\/Autorail-4407-Mariembourg-01-05-2005.jpg\",\"width\":800,\"height\":599},{\"@type\":\"BreadcrumbList\",\"@id\":\"https:\/\/cfv3v.eu\/collections\/4407\/#breadcrumb\",\"itemListElement\":[{\"@type\":\"ListItem\",\"position\":1,\"name\":\"Accueil\",\"item\":\"https:\/\/cfv3v.eu\/nl\/\"},{\"@type\":\"ListItem\",\"position\":2,\"name\":\"Collections\",\"item\":\"https:\/\/cfv3v.eu\/collections\/\"},{\"@type\":\"ListItem\",\"position\":3,\"name\":\"4407 (604.07)\"}]},{\"@type\":\"WebSite\",\"@id\":\"https:\/\/cfv3v.eu\/#website\",\"url\":\"https:\/\/cfv3v.eu\/\",\"name\":\"Chemin de Fer \u00e0 Vapeur des 3 Vall\u00e9es\",\"description\":\"Un merveilleux patrimoine\",\"publisher\":{\"@id\":\"https:\/\/cfv3v.eu\/#organization\"},\"potentialAction\":[{\"@type\":\"SearchAction\",\"target\":{\"@type\":\"EntryPoint\",\"urlTemplate\":\"https:\/\/cfv3v.eu\/?s={search_term_string}\"},\"query-input\":{\"@type\":\"PropertyValueSpecification\",\"valueRequired\":true,\"valueName\":\"search_term_string\"}}],\"inLanguage\":\"nl-NL\"},{\"@type\":\"Organization\",\"@id\":\"https:\/\/cfv3v.eu\/#organization\",\"name\":\"Chemin de Fer \u00e0 Vapeur des 3 Vall\u00e9es\",\"url\":\"https:\/\/cfv3v.eu\/\",\"logo\":{\"@type\":\"ImageObject\",\"inLanguage\":\"nl-NL\",\"@id\":\"https:\/\/cfv3v.eu\/#\/schema\/logo\/image\/\",\"url\":\"https:\/\/cfv3v.eu\/wp-content\/uploads\/2025\/03\/logo-cfv3v-noir-transparent.png\",\"contentUrl\":\"https:\/\/cfv3v.eu\/wp-content\/uploads\/2025\/03\/logo-cfv3v-noir-transparent.png\",\"width\":567,\"height\":567,\"caption\":\"Chemin de Fer \u00e0 Vapeur des 3 Vall\u00e9es\"},\"image\":{\"@id\":\"https:\/\/cfv3v.eu\/#\/schema\/logo\/image\/\"}}]}<\/script>\n<!-- \/ Yoast SEO plugin. -->","yoast_head_json":{"title":"4407 (604.07) - Chemin de Fer \u00e0 Vapeur des 3 Vall\u00e9es","robots":{"index":"index","follow":"follow","max-snippet":"max-snippet:-1","max-image-preview":"max-image-preview:large","max-video-preview":"max-video-preview:-1"},"canonical":"https:\/\/cfv3v.eu\/collections\/4407\/","og_locale":"nl_NL","og_type":"article","og_title":"4407 (604.07) - Chemin de Fer \u00e0 Vapeur des 3 Vall\u00e9es","og_description":"Derni\u00e8re mise \u00e0 jour : 04\/10\/2025 Actuellement en atelier Cet autorail fait partie d\u2019une s\u00e9rie de 10 machines construites en 1954. Ces autorails constituaient la s\u00e9rie 604 et ils assuraient pour l\u2019essentiel, avec les autorails de la s\u00e9rie 45 la desserte entre Dinant et Virton via Libramont. Cette s\u00e9rie a \u00e9t\u00e9 retir\u00e9e du service en &hellip;","og_url":"https:\/\/cfv3v.eu\/collections\/4407\/","og_site_name":"Chemin de Fer \u00e0 Vapeur des 3 Vall\u00e9es","article_modified_time":"2026-04-19T12:35:29+00:00","og_image":[{"width":800,"height":599,"url":"https:\/\/cfv3v.eu\/wp-content\/uploads\/2022\/02\/Autorail-4407-Mariembourg-01-05-2005.jpg","type":"image\/jpeg"}],"twitter_card":"summary_large_image","twitter_misc":{"Geschatte leestijd":"2 minuten"},"schema":{"@context":"https:\/\/schema.org","@graph":[{"@type":"WebPage","@id":"https:\/\/cfv3v.eu\/collections\/4407\/","url":"https:\/\/cfv3v.eu\/collections\/4407\/","name":"4407 (604.07) - Chemin de Fer \u00e0 Vapeur des 3 Vall\u00e9es","isPartOf":{"@id":"https:\/\/cfv3v.eu\/#website"},"primaryImageOfPage":{"@id":"https:\/\/cfv3v.eu\/collections\/4407\/#primaryimage"},"image":{"@id":"https:\/\/cfv3v.eu\/collections\/4407\/#primaryimage"},"thumbnailUrl":"https:\/\/cfv3v.eu\/wp-content\/uploads\/2022\/02\/Autorail-4407-Mariembourg-01-05-2005.jpg","datePublished":"2025-10-04T20:45:37+00:00","dateModified":"2026-04-19T12:35:29+00:00","breadcrumb":{"@id":"https:\/\/cfv3v.eu\/collections\/4407\/#breadcrumb"},"inLanguage":"nl-NL","potentialAction":[{"@type":"ReadAction","target":["https:\/\/cfv3v.eu\/collections\/4407\/"]}]},{"@type":"ImageObject","inLanguage":"nl-NL","@id":"https:\/\/cfv3v.eu\/collections\/4407\/#primaryimage","url":"https:\/\/cfv3v.eu\/wp-content\/uploads\/2022\/02\/Autorail-4407-Mariembourg-01-05-2005.jpg","contentUrl":"https:\/\/cfv3v.eu\/wp-content\/uploads\/2022\/02\/Autorail-4407-Mariembourg-01-05-2005.jpg","width":800,"height":599},{"@type":"BreadcrumbList","@id":"https:\/\/cfv3v.eu\/collections\/4407\/#breadcrumb","itemListElement":[{"@type":"ListItem","position":1,"name":"Accueil","item":"https:\/\/cfv3v.eu\/nl\/"},{"@type":"ListItem","position":2,"name":"Collections","item":"https:\/\/cfv3v.eu\/collections\/"},{"@type":"ListItem","position":3,"name":"4407 (604.07)"}]},{"@type":"WebSite","@id":"https:\/\/cfv3v.eu\/#website","url":"https:\/\/cfv3v.eu\/","name":"Chemin de Fer \u00e0 Vapeur des 3 Vall\u00e9es","description":"Un merveilleux patrimoine","publisher":{"@id":"https:\/\/cfv3v.eu\/#organization"},"potentialAction":[{"@type":"SearchAction","target":{"@type":"EntryPoint","urlTemplate":"https:\/\/cfv3v.eu\/?s={search_term_string}"},"query-input":{"@type":"PropertyValueSpecification","valueRequired":true,"valueName":"search_term_string"}}],"inLanguage":"nl-NL"},{"@type":"Organization","@id":"https:\/\/cfv3v.eu\/#organization","name":"Chemin de Fer \u00e0 Vapeur des 3 Vall\u00e9es","url":"https:\/\/cfv3v.eu\/","logo":{"@type":"ImageObject","inLanguage":"nl-NL","@id":"https:\/\/cfv3v.eu\/#\/schema\/logo\/image\/","url":"https:\/\/cfv3v.eu\/wp-content\/uploads\/2025\/03\/logo-cfv3v-noir-transparent.png","contentUrl":"https:\/\/cfv3v.eu\/wp-content\/uploads\/2025\/03\/logo-cfv3v-noir-transparent.png","width":567,"height":567,"caption":"Chemin de Fer \u00e0 Vapeur des 3 Vall\u00e9es"},"image":{"@id":"https:\/\/cfv3v.eu\/#\/schema\/logo\/image\/"}}]}},"_links":{"self":[{"href":"https:\/\/cfv3v.eu\/nl\/wp-json\/wp\/v2\/collections\/130","targetHints":{"allow":["GET"]}}],"collection":[{"href":"https:\/\/cfv3v.eu\/nl\/wp-json\/wp\/v2\/collections"}],"about":[{"href":"https:\/\/cfv3v.eu\/nl\/wp-json\/wp\/v2\/types\/collections"}],"author":[{"embeddable":true,"href":"https:\/\/cfv3v.eu\/nl\/wp-json\/wp\/v2\/users\/4"}],"replies":[{"embeddable":true,"href":"https:\/\/cfv3v.eu\/nl\/wp-json\/wp\/v2\/comments?post=130"}],"version-history":[{"count":2,"href":"https:\/\/cfv3v.eu\/nl\/wp-json\/wp\/v2\/collections\/130\/revisions"}],"predecessor-version":[{"id":3009,"href":"https:\/\/cfv3v.eu\/nl\/wp-json\/wp\/v2\/collections\/130\/revisions\/3009"}],"wp:featuredmedia":[{"embeddable":true,"href":"https:\/\/cfv3v.eu\/nl\/wp-json\/wp\/v2\/media\/131"}],"wp:attachment":[{"href":"https:\/\/cfv3v.eu\/nl\/wp-json\/wp\/v2\/media?parent=130"}],"wp:term":[{"taxonomy":"category","embeddable":true,"href":"https:\/\/cfv3v.eu\/nl\/wp-json\/wp\/v2\/categories?post=130"}],"curies":[{"name":"wp","href":"https:\/\/api.w.org\/{rel}","templated":true}]}}